{"id":81,"date":"2026-05-04T08:42:07","date_gmt":"2026-05-04T08:42:07","guid":{"rendered":"https:\/\/uva.anysystems.es\/?page_id=81"},"modified":"2026-07-30T07:56:28","modified_gmt":"2026-07-30T07:56:28","slug":"gallery","status":"publish","type":"page","link":"https:\/\/uva.anysystems.es\/?page_id=81","title":{"rendered":"Convocatorias"},"content":{"rendered":"\t\t<div data-elementor-type=\"wp-page\" data-elementor-id=\"81\" class=\"elementor elementor-81\" data-elementor-post-type=\"page\">\n\t\t\t\t<div class=\"elementor-element elementor-element-740d5fef e-con-full e-flex e-con e-parent\" data-id=\"740d5fef\" data-element_type=\"container\" data-e-type=\"container\" data-settings=\"{&quot;background_background&quot;:&quot;classic&quot;}\">\n\t\t\t\t<div class=\"elementor-element elementor-element-27a95d14 elementor-invisible elementor-widget elementor-widget-heading\" data-id=\"27a95d14\" data-element_type=\"widget\" data-e-type=\"widget\" data-settings=\"{&quot;_animation&quot;:&quot;fadeIn&quot;}\" data-widget_type=\"heading.default\">\n\t\t\t\t\t<h1 class=\"elementor-heading-title elementor-size-default\">convocatorias<\/h1>\t\t\t\t<\/div>\n\t\t\t\t<div class=\"elementor-element elementor-element-6c0c1aee elementor-widget-divider--view-line elementor-invisible elementor-widget elementor-widget-divider\" data-id=\"6c0c1aee\" data-element_type=\"widget\" data-e-type=\"widget\" data-settings=\"{&quot;_animation&quot;:&quot;fadeIn&quot;,&quot;_animation_delay&quot;:&quot;200&quot;}\" data-widget_type=\"divider.default\">\n\t\t\t\t\t\t\t<div class=\"elementor-divider\">\n\t\t\t<span class=\"elementor-divider-separator\">\n\t\t\t\t\t\t<\/span>\n\t\t<\/div>\n\t\t\t\t\t\t<\/div>\n\t\t\t\t<div class=\"elementor-element elementor-element-5b55d71a elementor-widget elementor-widget-text-editor\" data-id=\"5b55d71a\" data-element_type=\"widget\" data-e-type=\"widget\" data-widget_type=\"text-editor.default\">\n\t\t\t\t\t\t\t\t\t<h2 class=\"elementor-heading-title elementor-size-default\">Convocatorias de la Delegaci\u00f3n del Rector para la Responsabilidad Social Universitaria<\/h2>\t\t\t\t\t\t\t\t<\/div>\n\t\t\t\t<div class=\"elementor-element elementor-element-13e34f1 elementor-widget elementor-widget-text-editor\" data-id=\"13e34f1\" data-element_type=\"widget\" data-e-type=\"widget\" data-widget_type=\"text-editor.default\">\n\t\t\t\t\t\t\t\t\t<h4 class=\"elementor-heading-title elementor-size-default\">A continuaci\u00f3n, se publican las convocatorias vigentes de la Delegaci\u00f3n. Para acceder a cada documento haz clic en el texto de su t\u00edtulo.<\/h4>\t\t\t\t\t\t\t\t<\/div>\n\t\t\t\t<\/div>\n\t\t<div class=\"elementor-element elementor-element-2227612 e-con-full e-flex e-con e-parent\" data-id=\"2227612\" data-element_type=\"container\" data-e-type=\"container\" data-settings=\"{&quot;background_background&quot;:&quot;classic&quot;}\">\n\t\t\t\t<div class=\"elementor-element elementor-element-303f0d4 elementor-widget elementor-widget-text-editor\" data-id=\"303f0d4\" data-element_type=\"widget\" data-e-type=\"widget\" data-widget_type=\"text-editor.default\">\n\t\t\t\t\t\t\t\t\t<h5 class=\"elementor-heading-title elementor-size-default\"><a href=\"https:\/\/portal.sede.uva.es\/tablon\/resoluciones-organos-unipersonales\/8b049e9e-205e-4762-81f1-b912540a1e4a\" target=\"_blank\" rel=\"noopener\"><strong>Resoluci\u00f3n, de 17 de junio de 2026, del procedimiento de concesi\u00f3n de ayudas a ONGD del Fondo de cooperaci\u00f3n para el desarrollo de la Universidad de Valladolid, en la modalidad de cooperaci\u00f3n t\u00e9cnica universitaria al desarrollo sobre el terreno 2026<\/strong><\/a><strong>.<\/strong><\/h5>\t\t\t\t\t\t\t\t<\/div>\n\t\t\t\t<div class=\"elementor-element elementor-element-d2a68da elementor-widget elementor-widget-text-editor\" data-id=\"d2a68da\" data-element_type=\"widget\" data-e-type=\"widget\" data-widget_type=\"text-editor.default\">\n\t\t\t\t\t\t\t\t\t<h5 class=\"elementor-heading-title elementor-size-default\">Resoluci\u00f3n publicada el 17\/06\/2026. Plazo de aceptaci\u00f3n: Desde el 18\/6\/2026\u00a0 hasta el 01\/07\/2026.<\/h5>\t\t\t\t\t\t\t\t<\/div>\n\t\t\t\t<\/div>\n\t\t<div class=\"elementor-element elementor-element-396b532 e-con-full e-flex e-con e-parent\" data-id=\"396b532\" data-element_type=\"container\" data-e-type=\"container\" data-settings=\"{&quot;background_background&quot;:&quot;classic&quot;}\">\n\t\t\t\t<div class=\"elementor-element elementor-element-48df961 elementor-widget elementor-widget-text-editor\" data-id=\"48df961\" data-element_type=\"widget\" data-e-type=\"widget\" data-widget_type=\"text-editor.default\">\n\t\t\t\t\t\t\t\t\t<h5 class=\"elementor-heading-title elementor-size-default\"><strong><a href=\"https:\/\/portal.sede.uva.es\/tablon\/resoluciones-organos-unipersonales\/464b1490-32c2-4f78-85b9-11723a60a68d\">Propuesta de resoluci\u00f3n provisional, de 2 de junio de 2026, del procedimiento de concesi\u00f3n de ayudas a ONGD del Fondo de cooperaci\u00f3n para el desarrollo de la Universidad de Valladolid, en la modalidad de cooperaci\u00f3n t\u00e9cnica universitaria al desarrollo sobre el terreno 2026<\/a>.<\/strong><\/h5>\t\t\t\t\t\t\t\t<\/div>\n\t\t\t\t<div class=\"elementor-element elementor-element-7fb7377 elementor-widget elementor-widget-text-editor\" data-id=\"7fb7377\" data-element_type=\"widget\" data-e-type=\"widget\" data-widget_type=\"text-editor.default\">\n\t\t\t\t\t\t\t\t\t<h5 class=\"elementor-heading-title elementor-size-default\">Resoluci\u00f3n publicada el 02\/06\/2026. Plazo de alegaciones: Desde el 03\/6\/2026\u00a0 hasta el 16\/06\/2026.<\/h5>\t\t\t\t\t\t\t\t<\/div>\n\t\t\t\t<\/div>\n\t\t<div class=\"elementor-element elementor-element-2d47816 e-con-full e-flex e-con e-parent\" data-id=\"2d47816\" data-element_type=\"container\" data-e-type=\"container\" data-settings=\"{&quot;background_background&quot;:&quot;classic&quot;}\">\n\t\t\t\t<div class=\"elementor-element elementor-element-3ae6a09 elementor-widget elementor-widget-text-editor\" data-id=\"3ae6a09\" data-element_type=\"widget\" data-e-type=\"widget\" data-widget_type=\"text-editor.default\">\n\t\t\t\t\t\t\t\t\t<h5 class=\"elementor-heading-title elementor-size-default\"><strong><a href=\"https:\/\/portal.sede.uva.es\/tablon\/estudiantes\/115aba03-32c1-411b-940f-330d91c43a55\">Propuesta de resoluci\u00f3n definitiva .PACID 2026.<\/a><\/strong><\/h5>\t\t\t\t\t\t\t\t<\/div>\n\t\t\t\t<div class=\"elementor-element elementor-element-4603a7a elementor-widget elementor-widget-text-editor\" data-id=\"4603a7a\" data-element_type=\"widget\" data-e-type=\"widget\" data-widget_type=\"text-editor.default\">\n\t\t\t\t\t\t\t\t\t<h5 class=\"elementor-heading-title elementor-size-default\">Resoluci\u00f3n publicada el 5\/5\/2026.<\/h5>\t\t\t\t\t\t\t\t<\/div>\n\t\t\t\t<\/div>\n\t\t<div class=\"elementor-element elementor-element-c778bfd e-con-full e-flex e-con e-parent\" data-id=\"c778bfd\" data-element_type=\"container\" data-e-type=\"container\" data-settings=\"{&quot;background_background&quot;:&quot;classic&quot;}\">\n\t\t\t\t<div class=\"elementor-element elementor-element-8627030 elementor-widget elementor-widget-text-editor\" data-id=\"8627030\" data-element_type=\"widget\" data-e-type=\"widget\" data-widget_type=\"text-editor.default\">\n\t\t\t\t\t\t\t\t\t<h5 class=\"elementor-heading-title elementor-size-default\"><strong><a href=\"https:\/\/portal.sede.uva.es\/tablon\/estudiantes\/9f425273-55cd-4d61-949e-6a75e40b77fa\">Propuesta de resoluci\u00f3n provisional, de 13 de marzo de 2026, del programa de apoyo PACID 2026.<\/a><\/strong><\/h5>\t\t\t\t\t\t\t\t<\/div>\n\t\t\t\t<div class=\"elementor-element elementor-element-e24945c elementor-widget elementor-widget-text-editor\" data-id=\"e24945c\" data-element_type=\"widget\" data-e-type=\"widget\" data-widget_type=\"text-editor.default\">\n\t\t\t\t\t\t\t\t\t<h5 class=\"elementor-heading-title elementor-size-default\">Resoluci\u00f3n publicada el 13\/03\/2026. Plazo de alegaciones: Desde el 16\/3\/2026\u00a0 hasta el 27\/03\/2026.<\/h5>\t\t\t\t\t\t\t\t<\/div>\n\t\t\t\t<\/div>\n\t\t\t\t<\/div>\n\t\t","protected":false},"excerpt":{"rendered":"<p>convocatorias Convocatorias de la Delegaci\u00f3n del Rector para la Responsabilidad Social Universitaria A continuaci\u00f3n, se publican las convocatorias vigentes de la Delegaci\u00f3n. Para acceder a cada documento haz clic en el texto de su t\u00edtulo. Resoluci\u00f3n, de 17 de junio de 2026, del procedimiento de concesi\u00f3n de ayudas a ONGD del Fondo de cooperaci\u00f3n para [&hellip;]<\/p>\n","protected":false},"author":1,"featured_media":0,"parent":0,"menu_order":0,"comment_status":"closed","ping_status":"closed","template":"","meta":{"footnotes":""},"class_list":["post-81","page","type-page","status-publish","hentry"],"_links":{"self":[{"href":"https:\/\/uva.anysystems.es\/index.php?rest_route=\/wp\/v2\/pages\/81","targetHints":{"allow":["GET"]}}],"collection":[{"href":"https:\/\/uva.anysystems.es\/index.php?rest_route=\/wp\/v2\/pages"}],"about":[{"href":"https:\/\/uva.anysystems.es\/index.php?rest_route=\/wp\/v2\/types\/page"}],"author":[{"embeddable":true,"href":"https:\/\/uva.anysystems.es\/index.php?rest_route=\/wp\/v2\/users\/1"}],"replies":[{"embeddable":true,"href":"https:\/\/uva.anysystems.es\/index.php?rest_route=%2Fwp%2Fv2%2Fcomments&post=81"}],"version-history":[{"count":29,"href":"https:\/\/uva.anysystems.es\/index.php?rest_route=\/wp\/v2\/pages\/81\/revisions"}],"predecessor-version":[{"id":323,"href":"https:\/\/uva.anysystems.es\/index.php?rest_route=\/wp\/v2\/pages\/81\/revisions\/323"}],"wp:attachment":[{"href":"https:\/\/uva.anysystems.es\/index.php?rest_route=%2Fwp%2Fv2%2Fmedia&parent=81"}],"curies":[{"name":"wp","href":"https:\/\/api.w.org\/{rel}","templated":true}]}}